{"id":13311,"date":"2018-02-08T17:29:48","date_gmt":"2018-02-08T17:29:48","guid":{"rendered":"https:\/\/gpstartersites.com\/nouveau\/?page_id=13311"},"modified":"2024-03-01T07:25:16","modified_gmt":"2024-03-01T06:25:16","slug":"news","status":"publish","type":"page","link":"https:\/\/www.dra-go.com\/en\/news\/","title":{"rendered":"News"},"content":{"rendered":"\t\t<div data-elementor-type=\"wp-post\" data-elementor-id=\"13311\" class=\"elementor elementor-13311\">\n\t\t\t\t\t\t<section class=\"elementor-section elementor-top-section elementor-element elementor-element-032a47a elementor-section-boxed elementor-section-height-default elementor-section-height-default\" data-id=\"032a47a\" data-element_type=\"section\" data-e-type=\"section\" data-settings=\"{&quot;background_background&quot;:&quot;classic&quot;}\">\n\t\t\t\t\t\t<div class=\"elementor-container elementor-column-gap-default\">\n\t\t\t\t\t<div class=\"elementor-column elementor-col-100 elementor-top-column elementor-element elementor-element-5af849b\" data-id=\"5af849b\" data-element_type=\"column\" data-e-type=\"column\">\n\t\t\t<div class=\"elementor-widget-wrap elementor-element-populated\">\n\t\t\t\t\t\t<div class=\"elementor-element elementor-element-bfc7930 elementor-widget elementor-widget-heading\" data-id=\"bfc7930\" data-element_type=\"widget\" data-e-type=\"widget\" data-widget_type=\"heading.default\">\n\t\t\t\t<div class=\"elementor-widget-container\">\n\t\t\t\t\t<h1 class=\"elementor-heading-title elementor-size-default\">News<\/h1>\t\t\t\t<\/div>\n\t\t\t\t<\/div>\n\t\t\t\t<div class=\"elementor-element elementor-element-c1405b5 elementor-widget elementor-widget-wp-widget-wpsp_widget\" data-id=\"c1405b5\" data-element_type=\"widget\" data-e-type=\"widget\" data-widget_type=\"wp-widget-wpsp_widget.default\">\n\t\t\t\t<div class=\"elementor-widget-container\">\n\t\t\t\t\t<style>.wp-show-posts-columns#wpsp-13607 {margin-left: -2em; }.wp-show-posts-columns#wpsp-13607 .wp-show-posts-inner {margin: 0 0 2em 2em; }<\/style><section id=\"wpsp-13607\" class=\" wp-show-posts-columns wp-show-posts\" style=\"\"><article class=\" wp-show-posts-single post-15273 post type-post status-publish format-standard has-post-thumbnail hentry category-noticie wpsp-col-4\" itemtype=\"http:\/\/schema.org\/CreativeWork\" itemscope><div class=\"wp-show-posts-inner\" style=\"\">\t\t<div class=\"wp-show-posts-image  wpsp-image-center \">\n\t\t\t<a href=\"https:\/\/www.dra-go.com\/en\/drago-equipamiento-urbano-respetuoso-con-el-medioambiente\/\"  title=\"Drago equipamiento urbano respetuoso con el medioambiente\">\t\t\t\t\t<img decoding=\"async\" src=\"https:\/\/www.dra-go.com\/en\/wp-content\/uploads\/sites\/3\/2024\/03\/CirculoDrago-2023_1-e1709115212270-1200x800.png\" alt=\"Drago equipamiento urbano respetuoso con el medioambiente\" itemprop=\"image\" class=\"center\" \/>\n\t\t\t\t<\/a>\t\t<\/div>\n\t\t\t\t\t\t\t\t<header class=\"wp-show-posts-entry-header\">\n\t\t\t\t\t\t\t<h3 class=\"wp-show-posts-entry-title\" itemprop=\"headline\"><a href=\"https:\/\/www.dra-go.com\/en\/drago-equipamiento-urbano-respetuoso-con-el-medioambiente\/\" rel=\"bookmark\">Drago equipamiento urbano respetuoso con el medioambiente<\/a><\/h3><div class=\"wp-show-posts-entry-meta wp-show-posts-entry-meta-below-title post-meta-inline\"><span class=\"wp-show-posts-posted-on wp-show-posts-meta\">\n\t\t\t\t\t<a href=\"https:\/\/www.dra-go.com\/en\/drago-equipamiento-urbano-respetuoso-con-el-medioambiente\/\" title=\"07:54\" rel=\"bookmark\"><time class=\"wp-show-posts-entry-date published\" datetime=\"2024-03-01T07:54:04+01:00\" itemprop=\"datePublished\">1 marzo, 2024<\/time><time class=\"wp-show-posts-updated\" datetime=\"2024-03-01T07:52:48+01:00\" itemprop=\"dateModified\">1 marzo, 2024<\/time><\/a>\n\t\t\t\t<\/span><\/div>\t\t\t\t\t\t<\/header><!-- .entry-header -->\n\t\t\t\t\t\t\t\t\t\t\t<div class=\"wp-show-posts-entry-summary\" itemprop=\"text\">\n\t\t\t\t\t\t\t<p>Seg\u00fan datos de la Estad\u00edstica sobre Recogida de Residuos Urbanos del Instituto Nacional de Estad\u00edstica (INE) de 2021, en Espa\u00f1a se recogieron un total de 478,7 kilogramos de residuos urbanos&#8230;<\/p>\n\t\t\t\t\t\t<\/div><!-- .entry-summary -->\n\t\t\t\t\t<div class=\"wpsp-read-more\"><a title=\"Drago equipamiento urbano respetuoso con el medioambiente\" class=\"wp-show-posts-read-more2\" href=\"https:\/\/www.dra-go.com\/en\/drago-equipamiento-urbano-respetuoso-con-el-medioambiente\/\">READ MORE &gt; <\/a><\/div><\/div><!-- wp-show-posts-inner --><\/article><article class=\" wp-show-posts-single post-15276 post type-post status-publish format-standard has-post-thumbnail hentry category-noticie wpsp-col-4\" itemtype=\"http:\/\/schema.org\/CreativeWork\" itemscope><div class=\"wp-show-posts-inner\" style=\"\">\t\t<div class=\"wp-show-posts-image  wpsp-image-center \">\n\t\t\t<a href=\"https:\/\/www.dra-go.com\/en\/drago-entrega-una-barredora-maxwind-al-ayuntamiento-de-cazalla-de-la-sierra-en-sevilla-y-forma-a-los-operarios-municipales\/\"  title=\"Drago entrega una barredora MaxWind al Ayuntamiento de Cazalla de la Sierra, en Sevilla, y forma a los operarios municipales\">\t\t\t\t\t<img decoding=\"async\" src=\"https:\/\/www.dra-go.com\/en\/wp-content\/uploads\/sites\/3\/2024\/03\/Cazalla-de-la-Sierra-marca-scaled-e1707818940308-1200x800.jpg\" alt=\"Drago entrega una barredora MaxWind al Ayuntamiento de Cazalla de la Sierra, en Sevilla, y forma a los operarios municipales\" itemprop=\"image\" class=\"center\" \/>\n\t\t\t\t<\/a>\t\t<\/div>\n\t\t\t\t\t\t\t\t<header class=\"wp-show-posts-entry-header\">\n\t\t\t\t\t\t\t<h3 class=\"wp-show-posts-entry-title\" itemprop=\"headline\"><a href=\"https:\/\/www.dra-go.com\/en\/drago-entrega-una-barredora-maxwind-al-ayuntamiento-de-cazalla-de-la-sierra-en-sevilla-y-forma-a-los-operarios-municipales\/\" rel=\"bookmark\">Drago entrega una barredora MaxWind al Ayuntamiento de Cazalla de la Sierra, en Sevilla, y forma a los operarios municipales<\/a><\/h3><div class=\"wp-show-posts-entry-meta wp-show-posts-entry-meta-below-title post-meta-inline\"><span class=\"wp-show-posts-posted-on wp-show-posts-meta\">\n\t\t\t\t\t<a href=\"https:\/\/www.dra-go.com\/en\/drago-entrega-una-barredora-maxwind-al-ayuntamiento-de-cazalla-de-la-sierra-en-sevilla-y-forma-a-los-operarios-municipales\/\" title=\"07:55\" rel=\"bookmark\"><time class=\"wp-show-posts-entry-date published\" datetime=\"2024-02-13T07:55:00+01:00\" itemprop=\"datePublished\">13 febrero, 2024<\/time><time class=\"wp-show-posts-updated\" datetime=\"2024-03-01T07:56:29+01:00\" itemprop=\"dateModified\">1 marzo, 2024<\/time><\/a>\n\t\t\t\t<\/span><\/div>\t\t\t\t\t\t<\/header><!-- .entry-header -->\n\t\t\t\t\t\t\t\t\t\t\t<div class=\"wp-show-posts-entry-summary\" itemprop=\"text\">\n\t\t\t\t\t\t\t<p>Drago ha desplazado a sus t\u00e9cnicos hasta Cazalla de la Sierra, municipio de Sevilla con 4.700 habitantes, para la entrega de una barredora de aceras Tenax MaxWind. Con esta adquisici\u00f3n,&#8230;<\/p>\n\t\t\t\t\t\t<\/div><!-- .entry-summary -->\n\t\t\t\t\t<div class=\"wpsp-read-more\"><a title=\"Drago entrega una barredora MaxWind al Ayuntamiento de Cazalla de la Sierra, en Sevilla, y forma a los operarios municipales\" class=\"wp-show-posts-read-more2\" href=\"https:\/\/www.dra-go.com\/en\/drago-entrega-una-barredora-maxwind-al-ayuntamiento-de-cazalla-de-la-sierra-en-sevilla-y-forma-a-los-operarios-municipales\/\">READ MORE &gt; <\/a><\/div><\/div><!-- wp-show-posts-inner --><\/article><article class=\" wp-show-posts-single post-14752 post type-post status-publish format-standard has-post-thumbnail hentry category-noticie wpsp-col-4\" itemtype=\"http:\/\/schema.org\/CreativeWork\" itemscope><div class=\"wp-show-posts-inner\" style=\"\">\t\t<div class=\"wp-show-posts-image  wpsp-image-center \">\n\t\t\t<a href=\"https:\/\/www.dra-go.com\/en\/drago-presenta-sus-vehiculos-de-servicio-transporte-urbano-carga-y-maquinaria-de-limpieza-viaria-100-electricos-en-tecma\/\"  title=\"Drago presenta sus veh\u00edculos de servicio, transporte urbano, carga y maquinaria de limpieza viaria 100% el\u00e9ctricos en TECMA\">\t\t\t\t\t<img decoding=\"async\" src=\"https:\/\/www.dra-go.com\/en\/wp-content\/uploads\/sites\/3\/2018\/06\/IMG_7937-e1529308516106-1200x800.jpg\" alt=\"Drago presenta sus veh\u00edculos de servicio, transporte urbano, carga y maquinaria de limpieza viaria 100% el\u00e9ctricos en TECMA\" itemprop=\"image\" class=\"center\" \/>\n\t\t\t\t<\/a>\t\t<\/div>\n\t\t\t\t\t\t\t\t<header class=\"wp-show-posts-entry-header\">\n\t\t\t\t\t\t\t<h3 class=\"wp-show-posts-entry-title\" itemprop=\"headline\"><a href=\"https:\/\/www.dra-go.com\/en\/drago-presenta-sus-vehiculos-de-servicio-transporte-urbano-carga-y-maquinaria-de-limpieza-viaria-100-electricos-en-tecma\/\" rel=\"bookmark\">Drago presenta sus veh\u00edculos de servicio, transporte urbano, carga y maquinaria de limpieza viaria 100% el\u00e9ctricos en TECMA<\/a><\/h3><div class=\"wp-show-posts-entry-meta wp-show-posts-entry-meta-below-title post-meta-inline\"><span class=\"wp-show-posts-posted-on wp-show-posts-meta\">\n\t\t\t\t\t<a href=\"https:\/\/www.dra-go.com\/en\/drago-presenta-sus-vehiculos-de-servicio-transporte-urbano-carga-y-maquinaria-de-limpieza-viaria-100-electricos-en-tecma\/\" title=\"07:56\" rel=\"bookmark\"><time class=\"wp-show-posts-entry-date published\" datetime=\"2018-06-18T07:56:36+02:00\" itemprop=\"datePublished\">18 junio, 2018<\/time><time class=\"wp-show-posts-updated\" datetime=\"2018-07-20T18:04:28+02:00\" itemprop=\"dateModified\">20 julio, 2018<\/time><\/a>\n\t\t\t\t<\/span><\/div>\t\t\t\t\t\t<\/header><!-- .entry-header -->\n\t\t\t\t\t\t\t\t\t\t\t<div class=\"wp-show-posts-entry-summary\" itemprop=\"text\">\n\t\t\t\t\t\t\t<p>Drago, en respuesta a la cada vez m\u00e1s extendida conciencia medioambiental de ayuntamientos y ciudadanos, ha ofrecido soluciones de movilidad y servicios sostenibles en la 19\u00aa edici\u00f3n de la Feria&#8230;<\/p>\n\t\t\t\t\t\t<\/div><!-- .entry-summary -->\n\t\t\t\t\t<div class=\"wpsp-read-more\"><a title=\"Drago presenta sus veh\u00edculos de servicio, transporte urbano, carga y maquinaria de limpieza viaria 100% el\u00e9ctricos en TECMA\" class=\"wp-show-posts-read-more2\" href=\"https:\/\/www.dra-go.com\/en\/drago-presenta-sus-vehiculos-de-servicio-transporte-urbano-carga-y-maquinaria-de-limpieza-viaria-100-electricos-en-tecma\/\">READ MORE &gt; <\/a><\/div><\/div><!-- wp-show-posts-inner --><\/article><article class=\" wp-show-posts-single post-14735 post type-post status-publish format-standard has-post-thumbnail hentry category-noticie wpsp-col-4\" itemtype=\"http:\/\/schema.org\/CreativeWork\" itemscope><div class=\"wp-show-posts-inner\" style=\"\">\t\t<div class=\"wp-show-posts-image  wpsp-image-center \">\n\t\t\t<a href=\"https:\/\/www.dra-go.com\/en\/vehiculos-100-electricos-de-drago-para-transporte-urbano-y-carga-en-vem-2018-feria-del-vehiculo-electrico-de-madrid\/\"  title=\"Veh\u00edculos 100% el\u00e9ctricos de Drago para transporte urbano y carga en VEM 2018, feria del veh\u00edculo el\u00e9ctrico de Madrid\">\t\t\t\t\t<img decoding=\"async\" src=\"https:\/\/www.dra-go.com\/en\/wp-content\/uploads\/sites\/3\/2018\/06\/IMG-20180604-WA0000-e1528214428694-1200x800.jpg\" alt=\"Veh\u00edculos 100% el\u00e9ctricos de Drago para transporte urbano y carga en VEM 2018, feria del veh\u00edculo el\u00e9ctrico de Madrid\" itemprop=\"image\" class=\"center\" \/>\n\t\t\t\t<\/a>\t\t<\/div>\n\t\t\t\t\t\t\t\t<header class=\"wp-show-posts-entry-header\">\n\t\t\t\t\t\t\t<h3 class=\"wp-show-posts-entry-title\" itemprop=\"headline\"><a href=\"https:\/\/www.dra-go.com\/en\/vehiculos-100-electricos-de-drago-para-transporte-urbano-y-carga-en-vem-2018-feria-del-vehiculo-electrico-de-madrid\/\" rel=\"bookmark\">Veh\u00edculos 100% el\u00e9ctricos de Drago para transporte urbano y carga en VEM 2018, feria del veh\u00edculo el\u00e9ctrico de Madrid<\/a><\/h3><div class=\"wp-show-posts-entry-meta wp-show-posts-entry-meta-below-title post-meta-inline\"><span class=\"wp-show-posts-posted-on wp-show-posts-meta\">\n\t\t\t\t\t<a href=\"https:\/\/www.dra-go.com\/en\/vehiculos-100-electricos-de-drago-para-transporte-urbano-y-carga-en-vem-2018-feria-del-vehiculo-electrico-de-madrid\/\" title=\"15:58\" rel=\"bookmark\"><time class=\"wp-show-posts-entry-date published\" datetime=\"2018-06-04T15:58:44+02:00\" itemprop=\"datePublished\">4 junio, 2018<\/time><time class=\"wp-show-posts-updated\" datetime=\"2018-07-20T18:05:51+02:00\" itemprop=\"dateModified\">20 julio, 2018<\/time><\/a>\n\t\t\t\t<\/span><\/div>\t\t\t\t\t\t<\/header><!-- .entry-header -->\n\t\t\t\t\t\t\t\t\t\t\t<div class=\"wp-show-posts-entry-summary\" itemprop=\"text\">\n\t\t\t\t\t\t\t<p>&nbsp; Bajo el lema \u201cDisfruta de Madrid en veh\u00edculo el\u00e9ctrico\u201dse ha celebrado la cuarta edici\u00f3n de VEM, la feria del veh\u00edculo el\u00e9ctrico de la capital. &nbsp; Drago ha exhibido sus&#8230;<\/p>\n\t\t\t\t\t\t<\/div><!-- .entry-summary -->\n\t\t\t\t\t<div class=\"wpsp-read-more\"><a title=\"Veh\u00edculos 100% el\u00e9ctricos de Drago para transporte urbano y carga en VEM 2018, feria del veh\u00edculo el\u00e9ctrico de Madrid\" class=\"wp-show-posts-read-more2\" href=\"https:\/\/www.dra-go.com\/en\/vehiculos-100-electricos-de-drago-para-transporte-urbano-y-carga-en-vem-2018-feria-del-vehiculo-electrico-de-madrid\/\">READ MORE &gt; <\/a><\/div><\/div><!-- wp-show-posts-inner --><\/article><article class=\" wp-show-posts-single post-14740 post type-post status-publish format-standard has-post-thumbnail hentry category-noticie wpsp-col-4\" itemtype=\"http:\/\/schema.org\/CreativeWork\" itemscope><div class=\"wp-show-posts-inner\" style=\"\">\t\t<div class=\"wp-show-posts-image  wpsp-image-center \">\n\t\t\t<a href=\"https:\/\/www.dra-go.com\/en\/vehiculos-100-electricos-de-drago-para-transporte-urbano-y-carga-en-expoenergia-2018\/\"  title=\"Veh\u00edculos 100% el\u00e9ctricos de Drago para transporte urbano y carga en expoenerg\u00eda Lanzarote 2018\">\t\t\t\t\t<img decoding=\"async\" src=\"https:\/\/www.dra-go.com\/en\/wp-content\/uploads\/sites\/3\/2018\/06\/IMG_0546-e1528713846308-1200x800.jpg\" alt=\"Veh\u00edculos 100% el\u00e9ctricos de Drago para transporte urbano y carga en expoenerg\u00eda Lanzarote 2018\" itemprop=\"image\" class=\"center\" \/>\n\t\t\t\t<\/a>\t\t<\/div>\n\t\t\t\t\t\t\t\t<header class=\"wp-show-posts-entry-header\">\n\t\t\t\t\t\t\t<h3 class=\"wp-show-posts-entry-title\" itemprop=\"headline\"><a href=\"https:\/\/www.dra-go.com\/en\/vehiculos-100-electricos-de-drago-para-transporte-urbano-y-carga-en-expoenergia-2018\/\" rel=\"bookmark\">Veh\u00edculos 100% el\u00e9ctricos de Drago para transporte urbano y carga en expoenerg\u00eda Lanzarote 2018<\/a><\/h3><div class=\"wp-show-posts-entry-meta wp-show-posts-entry-meta-below-title post-meta-inline\"><span class=\"wp-show-posts-posted-on wp-show-posts-meta\">\n\t\t\t\t\t<a href=\"https:\/\/www.dra-go.com\/en\/vehiculos-100-electricos-de-drago-para-transporte-urbano-y-carga-en-expoenergia-2018\/\" title=\"10:46\" rel=\"bookmark\"><time class=\"wp-show-posts-entry-date published\" datetime=\"2018-05-23T10:46:02+02:00\" itemprop=\"datePublished\">23 mayo, 2018<\/time><time class=\"wp-show-posts-updated\" datetime=\"2018-07-20T18:05:57+02:00\" itemprop=\"dateModified\">20 julio, 2018<\/time><\/a>\n\t\t\t\t<\/span><\/div>\t\t\t\t\t\t<\/header><!-- .entry-header -->\n\t\t\t\t\t\t\t\t\t\t\t<div class=\"wp-show-posts-entry-summary\" itemprop=\"text\">\n\t\t\t\t\t\t\t<p>Lanzarote, 23 de mayo de 2018.-\u00a0 Lanzarote destina m\u00e1s de 4000 m2 a concienciar a los ciudadanos de las alternativas medioambientales para ayuntamientos, empresas \u00a0y uso particular. &nbsp; En este&#8230;<\/p>\n\t\t\t\t\t\t<\/div><!-- .entry-summary -->\n\t\t\t\t\t<div class=\"wpsp-read-more\"><a title=\"Veh\u00edculos 100% el\u00e9ctricos de Drago para transporte urbano y carga en expoenerg\u00eda Lanzarote 2018\" class=\"wp-show-posts-read-more2\" href=\"https:\/\/www.dra-go.com\/en\/vehiculos-100-electricos-de-drago-para-transporte-urbano-y-carga-en-expoenergia-2018\/\">READ MORE &gt; <\/a><\/div><\/div><!-- wp-show-posts-inner --><\/article><article class=\" wp-show-posts-single post-14721 post type-post status-publish format-standard has-post-thumbnail hentry category-noticie wpsp-col-4\" itemtype=\"http:\/\/schema.org\/CreativeWork\" itemscope><div class=\"wp-show-posts-inner\" style=\"\">\t\t<div class=\"wp-show-posts-image  wpsp-image-center \">\n\t\t\t<a href=\"https:\/\/www.dra-go.com\/en\/electra-2-0-neo-premio-internacional-well-tech-award-2018-de-sostenibilidad\/\"  title=\"Electra 2.0 Neo, Premio Internacional  Well-Tech Award 2018 de \u201cSostenibilidad\u201d\">\t\t\t\t\t<img decoding=\"async\" src=\"https:\/\/www.dra-go.com\/en\/wp-content\/uploads\/sites\/3\/2018\/05\/Premio-Well-Tech-Electra-2.0-Neo-1200x800.jpg\" alt=\"Electra 2.0 Neo, Premio Internacional  Well-Tech Award 2018 de \u201cSostenibilidad\u201d\" itemprop=\"image\" class=\"center\" \/>\n\t\t\t\t<\/a>\t\t<\/div>\n\t\t\t\t\t\t\t\t<header class=\"wp-show-posts-entry-header\">\n\t\t\t\t\t\t\t<h3 class=\"wp-show-posts-entry-title\" itemprop=\"headline\"><a href=\"https:\/\/www.dra-go.com\/en\/electra-2-0-neo-premio-internacional-well-tech-award-2018-de-sostenibilidad\/\" rel=\"bookmark\">Electra 2.0 Neo, Premio Internacional  Well-Tech Award 2018 de \u201cSostenibilidad\u201d<\/a><\/h3><div class=\"wp-show-posts-entry-meta wp-show-posts-entry-meta-below-title post-meta-inline\"><span class=\"wp-show-posts-posted-on wp-show-posts-meta\">\n\t\t\t\t\t<a href=\"https:\/\/www.dra-go.com\/en\/electra-2-0-neo-premio-internacional-well-tech-award-2018-de-sostenibilidad\/\" title=\"09:15\" rel=\"bookmark\"><time class=\"wp-show-posts-entry-date published\" datetime=\"2018-05-11T09:15:25+02:00\" itemprop=\"datePublished\">11 mayo, 2018<\/time><time class=\"wp-show-posts-updated\" datetime=\"2018-07-20T18:06:02+02:00\" itemprop=\"dateModified\">20 julio, 2018<\/time><\/a>\n\t\t\t\t<\/span><\/div>\t\t\t\t\t\t<\/header><!-- .entry-header -->\n\t\t\t\t\t\t\t\t\t\t\t<div class=\"wp-show-posts-entry-summary\" itemprop=\"text\">\n\t\t\t\t\t\t\t<p>La barredora\u00a0 100% el\u00e9ctrica Electra 2.0 NEO ha sido galardonada con el primer premio en la categor\u00eda de \u00abSOSTENIBILIDAD\u00bb en la decimoctava edici\u00f3n del Premio WT 2018; un concurso que&#8230;<\/p>\n\t\t\t\t\t\t<\/div><!-- .entry-summary -->\n\t\t\t\t\t<div class=\"wpsp-read-more\"><a title=\"Electra 2.0 Neo, Premio Internacional  Well-Tech Award 2018 de \u201cSostenibilidad\u201d\" class=\"wp-show-posts-read-more2\" href=\"https:\/\/www.dra-go.com\/en\/electra-2-0-neo-premio-internacional-well-tech-award-2018-de-sostenibilidad\/\">READ MORE &gt; <\/a><\/div><\/div><!-- wp-show-posts-inner --><\/article><article class=\" wp-show-posts-single post-14748 post type-post status-publish format-standard has-post-thumbnail hentry category-noticie wpsp-col-4\" itemtype=\"http:\/\/schema.org\/CreativeWork\" itemscope><div class=\"wp-show-posts-inner\" style=\"\">\t\t<div class=\"wp-show-posts-image  wpsp-image-center \">\n\t\t\t<a href=\"https:\/\/www.dra-go.com\/en\/el-triciclo-de-carga-100-electrico-de-drago-con-pedaleo-asistido-y-alimentado-por-placas-fotovoltaicas-en-la-feria-de-madrid-ciclologistica-2018\/\"  title=\"El Triciclo de carga 100% el\u00e9ctrico de Drago, con pedaleo asistido y alimentado por placas fotovoltaicas, en la feria de Madrid Ciclolog\u00edstica 2018\">\t\t\t\t\t<img decoding=\"async\" src=\"https:\/\/www.dra-go.com\/en\/wp-content\/uploads\/sites\/3\/2018\/06\/IMG_0159-2-e1528795281893-1200x800.jpg\" alt=\"El Triciclo de carga 100% el\u00e9ctrico de Drago, con pedaleo asistido y alimentado por placas fotovoltaicas, en la feria de Madrid Ciclolog\u00edstica 2018\" itemprop=\"image\" class=\"center\" \/>\n\t\t\t\t<\/a>\t\t<\/div>\n\t\t\t\t\t\t\t\t<header class=\"wp-show-posts-entry-header\">\n\t\t\t\t\t\t\t<h3 class=\"wp-show-posts-entry-title\" itemprop=\"headline\"><a href=\"https:\/\/www.dra-go.com\/en\/el-triciclo-de-carga-100-electrico-de-drago-con-pedaleo-asistido-y-alimentado-por-placas-fotovoltaicas-en-la-feria-de-madrid-ciclologistica-2018\/\" rel=\"bookmark\">El Triciclo de carga 100% el\u00e9ctrico de Drago, con pedaleo asistido y alimentado por placas fotovoltaicas, en la feria de Madrid Ciclolog\u00edstica 2018<\/a><\/h3><div class=\"wp-show-posts-entry-meta wp-show-posts-entry-meta-below-title post-meta-inline\"><span class=\"wp-show-posts-posted-on wp-show-posts-meta\">\n\t\t\t\t\t<a href=\"https:\/\/www.dra-go.com\/en\/el-triciclo-de-carga-100-electrico-de-drago-con-pedaleo-asistido-y-alimentado-por-placas-fotovoltaicas-en-la-feria-de-madrid-ciclologistica-2018\/\" title=\"09:22\" rel=\"bookmark\"><time class=\"wp-show-posts-entry-date published\" datetime=\"2018-05-04T09:22:42+02:00\" itemprop=\"datePublished\">4 mayo, 2018<\/time><time class=\"wp-show-posts-updated\" datetime=\"2018-07-20T18:06:08+02:00\" itemprop=\"dateModified\">20 julio, 2018<\/time><\/a>\n\t\t\t\t<\/span><\/div>\t\t\t\t\t\t<\/header><!-- .entry-header -->\n\t\t\t\t\t\t\t\t\t\t\t<div class=\"wp-show-posts-entry-summary\" itemprop=\"text\">\n\t\t\t\t\t\t\t<p>Drago ha presentado en ciclolog\u00edstica 2018, primer Campus Estatal de Ciclolog\u00edstica celebrado los d\u00edas 4 y 5 de Mayo en el centro Cultural Puerta de Toledo de Madrid, su triciclo&#8230;<\/p>\n\t\t\t\t\t\t<\/div><!-- .entry-summary -->\n\t\t\t\t\t<div class=\"wpsp-read-more\"><a title=\"El Triciclo de carga 100% el\u00e9ctrico de Drago, con pedaleo asistido y alimentado por placas fotovoltaicas, en la feria de Madrid Ciclolog\u00edstica 2018\" class=\"wp-show-posts-read-more2\" href=\"https:\/\/www.dra-go.com\/en\/el-triciclo-de-carga-100-electrico-de-drago-con-pedaleo-asistido-y-alimentado-por-placas-fotovoltaicas-en-la-feria-de-madrid-ciclologistica-2018\/\">READ MORE &gt; <\/a><\/div><\/div><!-- wp-show-posts-inner --><\/article><article class=\" wp-show-posts-single post-14710 post type-post status-publish format-standard has-post-thumbnail hentry category-eventss wpsp-col-4\" itemtype=\"http:\/\/schema.org\/CreativeWork\" itemscope><div class=\"wp-show-posts-inner\" style=\"\">\t\t<div class=\"wp-show-posts-image  wpsp-image-center \">\n\t\t\t<a href=\"https:\/\/www.dra-go.com\/en\/drago-presenta-sus-vehiculos-de-servicio-transporte-urbano-carga-y-maquinaria-de-limpieza-viaria-100-electricos-para-las-islas\/\"  title=\"Drago presenta sus veh\u00edculos de servicio, transporte urbano, carga y maquinaria de limpieza viaria 100% el\u00e9ctricos para las islas canarias\">\t\t\t\t\t<img decoding=\"async\" src=\"https:\/\/www.dra-go.com\/en\/wp-content\/uploads\/sites\/3\/2018\/04\/IMG_0060-e1528714554892-1200x800.jpg\" alt=\"Drago presenta sus veh\u00edculos de servicio, transporte urbano, carga y maquinaria de limpieza viaria 100% el\u00e9ctricos para las islas canarias\" itemprop=\"image\" class=\"center\" \/>\n\t\t\t\t<\/a>\t\t<\/div>\n\t\t\t\t\t\t\t\t<header class=\"wp-show-posts-entry-header\">\n\t\t\t\t\t\t\t<h3 class=\"wp-show-posts-entry-title\" itemprop=\"headline\"><a href=\"https:\/\/www.dra-go.com\/en\/drago-presenta-sus-vehiculos-de-servicio-transporte-urbano-carga-y-maquinaria-de-limpieza-viaria-100-electricos-para-las-islas\/\" rel=\"bookmark\">Drago presenta sus veh\u00edculos de servicio, transporte urbano, carga y maquinaria de limpieza viaria 100% el\u00e9ctricos para las islas canarias<\/a><\/h3><div class=\"wp-show-posts-entry-meta wp-show-posts-entry-meta-below-title post-meta-inline\"><span class=\"wp-show-posts-posted-on wp-show-posts-meta\">\n\t\t\t\t\t<a href=\"https:\/\/www.dra-go.com\/en\/drago-presenta-sus-vehiculos-de-servicio-transporte-urbano-carga-y-maquinaria-de-limpieza-viaria-100-electricos-para-las-islas\/\" title=\"08:48\" rel=\"bookmark\"><time class=\"wp-show-posts-entry-date published\" datetime=\"2018-04-27T08:48:13+02:00\" itemprop=\"datePublished\">27 abril, 2018<\/time><time class=\"wp-show-posts-updated\" datetime=\"2018-07-20T18:06:16+02:00\" itemprop=\"dateModified\">20 julio, 2018<\/time><\/a>\n\t\t\t\t<\/span><\/div>\t\t\t\t\t\t<\/header><!-- .entry-header -->\n\t\t\t\t\t\t\t\t\t\t\t<div class=\"wp-show-posts-entry-summary\" itemprop=\"text\">\n\t\t\t\t\t\t\t<p>La sensibilidad medioambiental y ecol\u00f3gica de los ayuntamientos y ciudadanos precisa soluciones de movilidad y servicios sostenibles en zonas p\u00fablicas y privadas. Veh\u00edculos de transporte, carga, barredoras, baldeadoras y triciclos&#8230;<\/p>\n\t\t\t\t\t\t<\/div><!-- .entry-summary -->\n\t\t\t\t\t<div class=\"wpsp-read-more\"><a title=\"Drago presenta sus veh\u00edculos de servicio, transporte urbano, carga y maquinaria de limpieza viaria 100% el\u00e9ctricos para las islas canarias\" class=\"wp-show-posts-read-more2\" href=\"https:\/\/www.dra-go.com\/en\/drago-presenta-sus-vehiculos-de-servicio-transporte-urbano-carga-y-maquinaria-de-limpieza-viaria-100-electricos-para-las-islas\/\">READ MORE &gt; <\/a><\/div><\/div><!-- wp-show-posts-inner --><\/article><article class=\" wp-show-posts-single post-14147 post type-post status-publish format-standard has-post-thumbnail hentry category-noticie wpsp-col-4\" itemtype=\"http:\/\/schema.org\/CreativeWork\" itemscope><div class=\"wp-show-posts-inner\" style=\"\">\t\t<div class=\"wp-show-posts-image  wpsp-image-center \">\n\t\t\t<a href=\"https:\/\/www.dra-go.com\/en\/sevi-drago-saca-a-las-calles-de-santa-cruz-sus-vehiculos-industriales-electricos\/\"  title=\"SEVI DRAGO saca a las calles de Santa Cruz sus veh\u00edculos industriales el\u00e9ctricos\">\t\t\t\t\t<img decoding=\"async\" src=\"https:\/\/www.dra-go.com\/en\/wp-content\/uploads\/sites\/3\/2017\/07\/Barredora-TENAX-en-Santa-Cruz.jpg\" alt=\"SEVI DRAGO saca a las calles de Santa Cruz sus veh\u00edculos industriales el\u00e9ctricos\" itemprop=\"image\" class=\"center\" \/>\n\t\t\t\t<\/a>\t\t<\/div>\n\t\t\t\t\t\t\t\t<header class=\"wp-show-posts-entry-header\">\n\t\t\t\t\t\t\t<h3 class=\"wp-show-posts-entry-title\" itemprop=\"headline\"><a href=\"https:\/\/www.dra-go.com\/en\/sevi-drago-saca-a-las-calles-de-santa-cruz-sus-vehiculos-industriales-electricos\/\" rel=\"bookmark\">SEVI DRAGO saca a las calles de Santa Cruz sus veh\u00edculos industriales el\u00e9ctricos<\/a><\/h3><div class=\"wp-show-posts-entry-meta wp-show-posts-entry-meta-below-title post-meta-inline\"><span class=\"wp-show-posts-posted-on wp-show-posts-meta\">\n\t\t\t\t\t<a href=\"https:\/\/www.dra-go.com\/en\/sevi-drago-saca-a-las-calles-de-santa-cruz-sus-vehiculos-industriales-electricos\/\" title=\"09:00\" rel=\"bookmark\"><time class=\"wp-show-posts-entry-date published\" datetime=\"2017-07-17T09:00:43+02:00\" itemprop=\"datePublished\">17 julio, 2017<\/time><time class=\"wp-show-posts-updated\" datetime=\"2018-07-20T18:06:22+02:00\" itemprop=\"dateModified\">20 julio, 2018<\/time><\/a>\n\t\t\t\t<\/span><\/div>\t\t\t\t\t\t<\/header><!-- .entry-header -->\n\t\t\t\t\t\t\t\t\t\t\t<div class=\"wp-show-posts-entry-summary\" itemprop=\"text\">\n\t\t\t\t\t\t\t<p>Santa Cruz, julio 2017.- Recientemente la empresa canaria SEVI DRAGO, ha celebrado una jornada de puertas abiertas en sus instalaciones de Tenerife presentando sus nuevos veh\u00edculos industriales el\u00e9ctricos. &nbsp; Dentro&#8230;<\/p>\n\t\t\t\t\t\t<\/div><!-- .entry-summary -->\n\t\t\t\t\t<div class=\"wpsp-read-more\"><a title=\"SEVI DRAGO saca a las calles de Santa Cruz sus veh\u00edculos industriales el\u00e9ctricos\" class=\"wp-show-posts-read-more2\" href=\"https:\/\/www.dra-go.com\/en\/sevi-drago-saca-a-las-calles-de-santa-cruz-sus-vehiculos-industriales-electricos\/\">READ MORE &gt; <\/a><\/div><\/div><!-- wp-show-posts-inner --><\/article><article class=\" wp-show-posts-single post-14150 post type-post status-publish format-standard has-post-thumbnail hentry category-noticie wpsp-col-4\" itemtype=\"http:\/\/schema.org\/CreativeWork\" itemscope><div class=\"wp-show-posts-inner\" style=\"\">\t\t<div class=\"wp-show-posts-image  wpsp-image-center \">\n\t\t\t<a href=\"https:\/\/www.dra-go.com\/en\/xxiv-jornadas-tecnicas-de-medio-ambiente\/\"  title=\"En el transcurso de las  XXIV JORNADAS T\u00c9CNICAS DE MEDIO AMBIENTE de la Asociaci\u00f3n Nacional de Empresas P\u00fablicas de Medioambiente (ANEPMA)\">\t\t\t\t\t<img decoding=\"async\" src=\"https:\/\/www.dra-go.com\/en\/wp-content\/uploads\/sites\/3\/2016\/11\/Electra-2-barredoraElectrica-1200x800.jpg\" alt=\"En el transcurso de las  XXIV JORNADAS T\u00c9CNICAS DE MEDIO AMBIENTE de la Asociaci\u00f3n Nacional de Empresas P\u00fablicas de Medioambiente (ANEPMA)\" itemprop=\"image\" class=\"center\" \/>\n\t\t\t\t<\/a>\t\t<\/div>\n\t\t\t\t\t\t\t\t<header class=\"wp-show-posts-entry-header\">\n\t\t\t\t\t\t\t<h3 class=\"wp-show-posts-entry-title\" itemprop=\"headline\"><a href=\"https:\/\/www.dra-go.com\/en\/xxiv-jornadas-tecnicas-de-medio-ambiente\/\" rel=\"bookmark\">En el transcurso de las  XXIV JORNADAS T\u00c9CNICAS DE MEDIO AMBIENTE de la Asociaci\u00f3n Nacional de Empresas P\u00fablicas de Medioambiente (ANEPMA)<\/a><\/h3><div class=\"wp-show-posts-entry-meta wp-show-posts-entry-meta-below-title post-meta-inline\"><span class=\"wp-show-posts-posted-on wp-show-posts-meta\">\n\t\t\t\t\t<a href=\"https:\/\/www.dra-go.com\/en\/xxiv-jornadas-tecnicas-de-medio-ambiente\/\" title=\"09:00\" rel=\"bookmark\"><time class=\"wp-show-posts-entry-date published\" datetime=\"2016-11-15T09:00:05+01:00\" itemprop=\"datePublished\">15 noviembre, 2016<\/time><time class=\"wp-show-posts-updated\" datetime=\"2018-07-20T18:06:35+02:00\" itemprop=\"dateModified\">20 julio, 2018<\/time><\/a>\n\t\t\t\t<\/span><\/div>\t\t\t\t\t\t<\/header><!-- .entry-header -->\n\t\t\t\t\t\t\t\t\t\t\t<div class=\"wp-show-posts-entry-summary\" itemprop=\"text\">\n\t\t\t\t\t\t\t<p>Drago presenta en Espa\u00f1a Electra 2.0,la primera barredora del mercado 100% el\u00e9ctrica &nbsp; Electra 2.0.es la primera barredora vial aspirante queno emite a la atm\u00f3sfera ning\u00fan tipo de gas ni&#8230;<\/p>\n\t\t\t\t\t\t<\/div><!-- .entry-summary -->\n\t\t\t\t\t<div class=\"wpsp-read-more\"><a title=\"En el transcurso de las  XXIV JORNADAS T\u00c9CNICAS DE MEDIO AMBIENTE de la Asociaci\u00f3n Nacional de Empresas P\u00fablicas de Medioambiente (ANEPMA)\" class=\"wp-show-posts-read-more2\" href=\"https:\/\/www.dra-go.com\/en\/xxiv-jornadas-tecnicas-de-medio-ambiente\/\">READ MORE &gt; <\/a><\/div><\/div><!-- wp-show-posts-inner --><\/article><div class=\"wpsp-clear\"><\/div><\/section><!-- .wp-show-posts -->\t\t\t\t<\/div>\n\t\t\t\t<\/div>\n\t\t\t\t\t<\/div>\n\t\t<\/div>\n\t\t\t\t\t<\/div>\n\t\t<\/section>\n\t\t\t\t<\/div>\n\t\t","protected":false},"excerpt":{"rendered":"<p>News<\/p>\n","protected":false},"author":1,"featured_media":0,"parent":0,"menu_order":0,"comment_status":"closed","ping_status":"closed","template":"elementor_header_footer","meta":{"inline_featured_image":false,"generate_page_header":"","footnotes":""},"class_list":["post-13311","page","type-page","status-publish","hentry","no-featured-image-padding"],"yoast_head":"<!-- This site is optimized with the Yoast SEO plugin v27.4 - https:\/\/yoast.com\/product\/yoast-seo-wordpress\/ -->\n<title>News - Noticias sobre Drago<\/title>\n<meta name=\"robots\" content=\"index, follow, max-snippet:-1, max-image-preview:large, max-video-preview:-1\" \/>\n<link rel=\"canonical\" href=\"https:\/\/www.dra-go.com\/en\/news\/\" \/>\n<meta property=\"og:locale\" content=\"es_ES\" \/>\n<meta property=\"og:type\" content=\"article\" \/>\n<meta property=\"og:title\" content=\"News - Noticias sobre Drago\" \/>\n<meta property=\"og:description\" content=\"News\" \/>\n<meta property=\"og:url\" content=\"https:\/\/www.dra-go.com\/en\/news\/\" \/>\n<meta property=\"og:site_name\" content=\"DRAGOEN\" \/>\n<meta property=\"article:modified_time\" content=\"2024-03-01T06:25:16+00:00\" \/>\n<meta name=\"twitter:card\" content=\"summary_large_image\" \/>\n<meta name=\"twitter:label1\" content=\"Tiempo de lectura\" \/>\n\t<meta name=\"twitter:data1\" content=\"13 minutos\" \/>\n<script type=\"application\/ld+json\" class=\"yoast-schema-graph\">{\"@context\":\"https:\\\/\\\/schema.org\",\"@graph\":[{\"@type\":\"WebPage\",\"@id\":\"https:\\\/\\\/www.dra-go.com\\\/en\\\/news\\\/\",\"url\":\"https:\\\/\\\/www.dra-go.com\\\/en\\\/news\\\/\",\"name\":\"News - Noticias sobre Drago\",\"isPartOf\":{\"@id\":\"https:\\\/\\\/www.dra-go.com\\\/en\\\/#website\"},\"datePublished\":\"2018-02-08T17:29:48+00:00\",\"dateModified\":\"2024-03-01T06:25:16+00:00\",\"breadcrumb\":{\"@id\":\"https:\\\/\\\/www.dra-go.com\\\/en\\\/news\\\/#breadcrumb\"},\"inLanguage\":\"es\",\"potentialAction\":[{\"@type\":\"ReadAction\",\"target\":[\"https:\\\/\\\/www.dra-go.com\\\/en\\\/news\\\/\"]}]},{\"@type\":\"BreadcrumbList\",\"@id\":\"https:\\\/\\\/www.dra-go.com\\\/en\\\/news\\\/#breadcrumb\",\"itemListElement\":[{\"@type\":\"ListItem\",\"position\":1,\"name\":\"Portada\",\"item\":\"https:\\\/\\\/www.dra-go.com\\\/en\\\/\"},{\"@type\":\"ListItem\",\"position\":2,\"name\":\"News\"}]},{\"@type\":\"WebSite\",\"@id\":\"https:\\\/\\\/www.dra-go.com\\\/en\\\/#website\",\"url\":\"https:\\\/\\\/www.dra-go.com\\\/en\\\/\",\"name\":\"DRAGOEN\",\"description\":\"Engineering and Services\",\"publisher\":{\"@id\":\"https:\\\/\\\/www.dra-go.com\\\/en\\\/#organization\"},\"potentialAction\":[{\"@type\":\"SearchAction\",\"target\":{\"@type\":\"EntryPoint\",\"urlTemplate\":\"https:\\\/\\\/www.dra-go.com\\\/en\\\/?s={search_term_string}\"},\"query-input\":{\"@type\":\"PropertyValueSpecification\",\"valueRequired\":true,\"valueName\":\"search_term_string\"}}],\"inLanguage\":\"es\"},{\"@type\":\"Organization\",\"@id\":\"https:\\\/\\\/www.dra-go.com\\\/en\\\/#organization\",\"name\":\"DRAGOEN\",\"url\":\"https:\\\/\\\/www.dra-go.com\\\/en\\\/\",\"logo\":{\"@type\":\"ImageObject\",\"inLanguage\":\"es\",\"@id\":\"https:\\\/\\\/www.dra-go.com\\\/en\\\/#\\\/schema\\\/logo\\\/image\\\/\",\"url\":\"https:\\\/\\\/www.dra-go.com\\\/en\\\/wp-content\\\/uploads\\\/sites\\\/3\\\/2023\\\/07\\\/Logo-DRAGO-RGB-AF_PositivoDRAGO.png\",\"contentUrl\":\"https:\\\/\\\/www.dra-go.com\\\/en\\\/wp-content\\\/uploads\\\/sites\\\/3\\\/2023\\\/07\\\/Logo-DRAGO-RGB-AF_PositivoDRAGO.png\",\"width\":1024,\"height\":194,\"caption\":\"DRAGOEN\"},\"image\":{\"@id\":\"https:\\\/\\\/www.dra-go.com\\\/en\\\/#\\\/schema\\\/logo\\\/image\\\/\"}}]}<\/script>\n<!-- \/ Yoast SEO plugin. -->","yoast_head_json":{"title":"News - Noticias sobre Drago","robots":{"index":"index","follow":"follow","max-snippet":"max-snippet:-1","max-image-preview":"max-image-preview:large","max-video-preview":"max-video-preview:-1"},"canonical":"https:\/\/www.dra-go.com\/en\/news\/","og_locale":"es_ES","og_type":"article","og_title":"News - Noticias sobre Drago","og_description":"News","og_url":"https:\/\/www.dra-go.com\/en\/news\/","og_site_name":"DRAGOEN","article_modified_time":"2024-03-01T06:25:16+00:00","twitter_card":"summary_large_image","twitter_misc":{"Tiempo de lectura":"13 minutos"},"schema":{"@context":"https:\/\/schema.org","@graph":[{"@type":"WebPage","@id":"https:\/\/www.dra-go.com\/en\/news\/","url":"https:\/\/www.dra-go.com\/en\/news\/","name":"News - Noticias sobre Drago","isPartOf":{"@id":"https:\/\/www.dra-go.com\/en\/#website"},"datePublished":"2018-02-08T17:29:48+00:00","dateModified":"2024-03-01T06:25:16+00:00","breadcrumb":{"@id":"https:\/\/www.dra-go.com\/en\/news\/#breadcrumb"},"inLanguage":"es","potentialAction":[{"@type":"ReadAction","target":["https:\/\/www.dra-go.com\/en\/news\/"]}]},{"@type":"BreadcrumbList","@id":"https:\/\/www.dra-go.com\/en\/news\/#breadcrumb","itemListElement":[{"@type":"ListItem","position":1,"name":"Portada","item":"https:\/\/www.dra-go.com\/en\/"},{"@type":"ListItem","position":2,"name":"News"}]},{"@type":"WebSite","@id":"https:\/\/www.dra-go.com\/en\/#website","url":"https:\/\/www.dra-go.com\/en\/","name":"DRAGOEN","description":"Engineering and Services","publisher":{"@id":"https:\/\/www.dra-go.com\/en\/#organization"},"potentialAction":[{"@type":"SearchAction","target":{"@type":"EntryPoint","urlTemplate":"https:\/\/www.dra-go.com\/en\/?s={search_term_string}"},"query-input":{"@type":"PropertyValueSpecification","valueRequired":true,"valueName":"search_term_string"}}],"inLanguage":"es"},{"@type":"Organization","@id":"https:\/\/www.dra-go.com\/en\/#organization","name":"DRAGOEN","url":"https:\/\/www.dra-go.com\/en\/","logo":{"@type":"ImageObject","inLanguage":"es","@id":"https:\/\/www.dra-go.com\/en\/#\/schema\/logo\/image\/","url":"https:\/\/www.dra-go.com\/en\/wp-content\/uploads\/sites\/3\/2023\/07\/Logo-DRAGO-RGB-AF_PositivoDRAGO.png","contentUrl":"https:\/\/www.dra-go.com\/en\/wp-content\/uploads\/sites\/3\/2023\/07\/Logo-DRAGO-RGB-AF_PositivoDRAGO.png","width":1024,"height":194,"caption":"DRAGOEN"},"image":{"@id":"https:\/\/www.dra-go.com\/en\/#\/schema\/logo\/image\/"}}]}},"_links":{"self":[{"href":"https:\/\/www.dra-go.com\/en\/wp-json\/wp\/v2\/pages\/13311","targetHints":{"allow":["GET"]}}],"collection":[{"href":"https:\/\/www.dra-go.com\/en\/wp-json\/wp\/v2\/pages"}],"about":[{"href":"https:\/\/www.dra-go.com\/en\/wp-json\/wp\/v2\/types\/page"}],"author":[{"embeddable":true,"href":"https:\/\/www.dra-go.com\/en\/wp-json\/wp\/v2\/users\/1"}],"replies":[{"embeddable":true,"href":"https:\/\/www.dra-go.com\/en\/wp-json\/wp\/v2\/comments?post=13311"}],"version-history":[{"count":26,"href":"https:\/\/www.dra-go.com\/en\/wp-json\/wp\/v2\/pages\/13311\/revisions"}],"predecessor-version":[{"id":15262,"href":"https:\/\/www.dra-go.com\/en\/wp-json\/wp\/v2\/pages\/13311\/revisions\/15262"}],"wp:attachment":[{"href":"https:\/\/www.dra-go.com\/en\/wp-json\/wp\/v2\/media?parent=13311"}],"curies":[{"name":"wp","href":"https:\/\/api.w.org\/{rel}","templated":true}]}}